{"id":69,"date":"2011-11-08T12:52:12","date_gmt":"2011-11-08T12:52:12","guid":{"rendered":"http:\/\/site2012.gites-grandpre.com\/?page_id=69"},"modified":"2019-02-27T19:05:17","modified_gmt":"2019-02-27T19:05:17","slug":"hello","status":"publish","type":"page","link":"https:\/\/www.gites-grandpre.com\/es\/","title":{"rendered":"\u00a1Hola!"},"content":{"rendered":"\t\t<div data-elementor-type=\"wp-post\" data-elementor-id=\"69\" class=\"elementor elementor-69 elementor-17\">\n\t\t\t\t\t\t<section class=\"elementor-section elementor-top-section elementor-element elementor-element-5ad6cc42 elementor-section-boxed elementor-section-height-default elementor-section-height-default\" data-id=\"5ad6cc42\" data-element_type=\"section\" data-e-type=\"section\">\n\t\t\t\t\t\t<div class=\"elementor-container elementor-column-gap-default\">\n\t\t\t\t\t<div class=\"elementor-column elementor-col-100 elementor-top-column elementor-element elementor-element-2ccb076a\" data-id=\"2ccb076a\" data-element_type=\"column\" data-e-type=\"column\">\n\t\t\t<div class=\"elementor-widget-wrap elementor-element-populated\">\n\t\t\t\t\t\t<div class=\"elementor-element elementor-element-75eef1a elementor-widget elementor-widget-text-editor\" data-id=\"75eef1a\" data-element_type=\"widget\" data-e-type=\"widget\" data-widget_type=\"text-editor.default\">\n\t\t\t\t<div class=\"elementor-widget-container\">\n\t\t\t\t\t\t\t\t\t<h1>Casas rurales en Midi Pyr\u00e9n\u00e9es (Tarn y Garona 82)<\/h1><p>Imag\u00ednese en el suroeste de Francia, donde la vida es agradable durante todo el a\u00f1o.<\/p><p>Imag\u00ednese en el l\u00edmite entre la comarca <strong>Midi Pyr\u00e9n\u00e9es<\/strong> y la comarca Aquitania donde todo es un placer para los ojos y la papilas.<\/p><p>Imag\u00ednese en <strong>Occitanie<\/strong>, en el Tarn y Garona (82) junto al Lot (46), al Lot y Garona (47), al Gers (32) y a sus paisajes variados a medida de deseos.<\/p><p>Imag\u00ednese en <strong>Roquecor<\/strong>, un pueblo encantador y florecido edificado sobre un pico rocoso.<\/p><p>Imag\u00ednese al pie de ese pueblo, es un valle tranquilo del Quercy Blanco, rodeado de girasoles.<\/p><p>Usted est\u00e1 en los casas rurales \u00abGrand Pr\u00e9 !\u00bb.<\/p><p>Aqu\u00ed est\u00e1 en su casa por 1 noche, 1 fin de semana, una semana o m\u00e1s, conforme a su deseos. Le acogeremos conmucha atenci\u00f3n y simpat\u00eda, durante todo el a\u00f1o, en nuestra finca, para permitirle disfrutaz tot\u00e1lmente del encanto de la comarca y proponerle un alojamiento de calidad adaptado a sus necesidades en cualquier estaci\u00f3n.<\/p><p>Las tres casas rurales, la habitaci\u00f3n y la caravana de \u00abGrand Pr\u00e9\u00bb ser\u00e1n para usted el punto de partida ideal para sus deseos :<\/p><ul><li>deseo de desconsar (piscina calentada, sol, tranquilidad)<\/li><li>deseo de deporte (bici todo terreno, equitaci\u00f3n, golf, canoa)<\/li><li>deseo de actividades n\u00e1uticas (centro n\u00e1utico, en la orilla del Lot)<\/li><li>deseo de cultura (museos, exposiciones, festivales)<\/li><li>deseo de visitas tur\u00edsticas (cuevas prehist\u00f3ricas, bastidas, castillos)<\/li><li>deseo de naturaliza (circuitos pedestres, camino de Santiago, pesca)<\/li><li>deseo de descubrimientos culinarios (foie gras, vino, trufa)<\/li><\/ul><p>\u00a1 Hasta pronto en <strong>Quercy Sud Ouest<\/strong> !<\/p>\t\t\t\t\t\t\t\t<\/div>\n\t\t\t\t<\/div>\n\t\t\t\t\t<\/div>\n\t\t<\/div>\n\t\t\t\t\t<\/div>\n\t\t<\/section>\n\t\t\t\t<section class=\"elementor-section elementor-top-section elementor-element elementor-element-93d64bf elementor-section-boxed elementor-section-height-default elementor-section-height-default\" data-id=\"93d64bf\" data-element_type=\"section\" data-e-type=\"section\">\n\t\t\t\t\t\t<div class=\"elementor-container elementor-column-gap-default\">\n\t\t\t\t\t<div class=\"elementor-column elementor-col-50 elementor-top-column elementor-element elementor-element-9ff4157\" data-id=\"9ff4157\" data-element_type=\"column\" data-e-type=\"column\">\n\t\t\t<div class=\"elementor-widget-wrap elementor-element-populated\">\n\t\t\t\t\t\t<div class=\"elementor-element elementor-element-dd3557e elementor-widget elementor-widget-text-editor\" data-id=\"dd3557e\" data-element_type=\"widget\" data-e-type=\"widget\" data-widget_type=\"text-editor.default\">\n\t\t\t\t<div class=\"elementor-widget-container\">\n\t\t\t\t\t\t\t\t\t<div class=\"mphb_sc_rooms-wrapper mphb-room-types standard \">\n<div class=\"mphb-room-type post-2579 mphb_room_type type-mphb_room_type status-publish has-post-thumbnail mphb_room_type_category-gites-4p-5p-es mphb_room_type_facility-1-dormitorio-con-1-cama-doble mphb_room_type_facility-1-dormitorio-con-2-camas-individuales mphb_room_type_facility-cocina-totalmente-equipada mphb_room_type_facility-comedor-es mphb_room_type_facility-cuarto-de-ducha-es mphb_room_type_facility-dvd-es mphb_room_type_facility-mini-cadena-de-alta-fidelidad-es mphb_room_type_facility-tv-es mphb_room_type_facility-wc-es mphb_room_type_facility-wifi-es mphb-room-type-adults-4 mphb-room-type-children-0 \">\n\n\t\n\t\n\n\t<p class=\"post-thumbnail mphb-loop-room-thumbnail\">\n\t<a href=\"https:\/\/www.gites-grandpre.com\/es\/accommodation\/la-casa-rural-tom\/\">\n\t<img loading=\"lazy\" decoding=\"async\" width=\"1024\" height=\"682\" src=\"https:\/\/www.gites-grandpre.com\/wp-content\/uploads\/2018\/06\/gite-tom-2.jpg\" class=\"attachment-alpenhouse-medium size-alpenhouse-medium wp-post-image\" alt=\"Gite Tom 5p\" srcset=\"https:\/\/www.gites-grandpre.com\/wp-content\/uploads\/2018\/06\/gite-tom-2.jpg 1024w, https:\/\/www.gites-grandpre.com\/wp-content\/uploads\/2018\/06\/gite-tom-2-300x200.jpg 300w, https:\/\/www.gites-grandpre.com\/wp-content\/uploads\/2018\/06\/gite-tom-2-768x512.jpg 768w, https:\/\/www.gites-grandpre.com\/wp-content\/uploads\/2018\/06\/gite-tom-2-405x270.jpg 405w\" sizes=\"auto, (max-width: 1024px) 100vw, 1024px\" \/>\t<\/a>\n\n\t<\/p>\n\n<h2 class=\"mphb-room-type-title entry-title\">\n\n<a class=\"mphb-room-type-title\" href=\"https:\/\/www.gites-grandpre.com\/es\/accommodation\/la-casa-rural-tom\/\">La casa rural Tom 4\/5 personas<\/a>\n\n<\/h2>\n\n<p>La casa rural Tom&#8230; \u00a1un sue\u00f1o!<\/p>\n\n\n\n\t<p class=\"mphb-regular-price\"><strong>Precio desde:<\/strong>\n\t<span class=\"mphb-price\"><span class=\"mphb-currency\">&euro;<\/span>240<\/span> <span class=\"mphb-price-period\" title=\"Establezca las fechas para ver los precios adecuados\">por noche<\/span>\n\t<\/p>\n\t\n<p class=\"mphb-view-details-button-wrapper\">\n<a class=\"button mphb-view-details-button\" href=\"https:\/\/www.gites-grandpre.com\/es\/accommodation\/la-casa-rural-tom\/\" >Ver detalles<\/a>\n<\/p>\n\t\n<\/div>\n<\/div>\t\t\t\t\t\t\t\t<\/div>\n\t\t\t\t<\/div>\n\t\t\t\t\t<\/div>\n\t\t<\/div>\n\t\t\t\t<div class=\"elementor-column elementor-col-50 elementor-top-column elementor-element elementor-element-f68d3f0\" data-id=\"f68d3f0\" data-element_type=\"column\" data-e-type=\"column\">\n\t\t\t<div class=\"elementor-widget-wrap elementor-element-populated\">\n\t\t\t\t\t\t<div class=\"elementor-element elementor-element-dbbd559 elementor-widget elementor-widget-text-editor\" data-id=\"dbbd559\" data-element_type=\"widget\" data-e-type=\"widget\" data-widget_type=\"text-editor.default\">\n\t\t\t\t<div class=\"elementor-widget-container\">\n\t\t\t\t\t\t\t\t\t<div class=\"mphb_sc_rooms-wrapper mphb-room-types standard \">\n<div class=\"mphb-room-type post-2570 mphb_room_type type-mphb_room_type status-publish has-post-thumbnail mphb_room_type_category-gites-4p-es-2 mphb_room_type_facility-1-dormitorio-con-1-cama-doble mphb_room_type_facility-1-dormitorio-con-2-camas-individuales mphb_room_type_facility-cocina-totalmente-equipada mphb_room_type_facility-comedor-es mphb_room_type_facility-cuarto-de-ducha-es mphb_room_type_facility-dvd-es mphb_room_type_facility-mini-cadena-de-alta-fidelidad-es mphb_room_type_facility-tv-es mphb_room_type_facility-wc-es mphb_room_type_facility-wifi-es mphb-room-type-adults-4 mphb-room-type-children-0 \">\n\n\t\n\t\n\n\t<p class=\"post-thumbnail mphb-loop-room-thumbnail\">\n\t<a href=\"https:\/\/www.gites-grandpre.com\/es\/accommodation\/casa-rural-hugo-4-personas\/\">\n\t<img loading=\"lazy\" decoding=\"async\" width=\"800\" height=\"532\" src=\"https:\/\/www.gites-grandpre.com\/wp-content\/uploads\/2019\/01\/gite-hugo-1.jpg\" class=\"attachment-alpenhouse-medium size-alpenhouse-medium wp-post-image\" alt=\"\" srcset=\"https:\/\/www.gites-grandpre.com\/wp-content\/uploads\/2019\/01\/gite-hugo-1.jpg 800w, https:\/\/www.gites-grandpre.com\/wp-content\/uploads\/2019\/01\/gite-hugo-1-300x200.jpg 300w, https:\/\/www.gites-grandpre.com\/wp-content\/uploads\/2019\/01\/gite-hugo-1-768x511.jpg 768w, https:\/\/www.gites-grandpre.com\/wp-content\/uploads\/2019\/01\/gite-hugo-1-405x269.jpg 405w\" sizes=\"auto, (max-width: 800px) 100vw, 800px\" \/>\t<\/a>\n\n\t<\/p>\n\n<h2 class=\"mphb-room-type-title entry-title\">\n\n<a class=\"mphb-room-type-title\" href=\"https:\/\/www.gites-grandpre.com\/es\/accommodation\/casa-rural-hugo-4-personas\/\">Casa rural Hugo 4 personas<\/a>\n\n<\/h2>\n\n<p>La casa rural Hugo es&#8230; \u00a1el encanto!<\/p>\n\n\n\n\t<p class=\"mphb-regular-price\"><strong>Precio desde:<\/strong>\n\t<span class=\"mphb-price\"><span class=\"mphb-currency\">&euro;<\/span>240<\/span> <span class=\"mphb-price-period\" title=\"Establezca las fechas para ver los precios adecuados\">por noche<\/span>\n\t<\/p>\n\t\n<p class=\"mphb-view-details-button-wrapper\">\n<a class=\"button mphb-view-details-button\" href=\"https:\/\/www.gites-grandpre.com\/es\/accommodation\/casa-rural-hugo-4-personas\/\" >Ver detalles<\/a>\n<\/p>\n\t\n<\/div>\n<\/div>\t\t\t\t\t\t\t\t<\/div>\n\t\t\t\t<\/div>\n\t\t\t\t\t<\/div>\n\t\t<\/div>\n\t\t\t\t\t<\/div>\n\t\t<\/section>\n\t\t\t\t<section class=\"elementor-section elementor-top-section elementor-element elementor-element-3dd7cb9 elementor-section-boxed elementor-section-height-default elementor-section-height-default\" data-id=\"3dd7cb9\" data-element_type=\"section\" data-e-type=\"section\">\n\t\t\t\t\t\t<div class=\"elementor-container elementor-column-gap-default\">\n\t\t\t\t\t<div class=\"elementor-column elementor-col-50 elementor-top-column elementor-element elementor-element-b3c7dba\" data-id=\"b3c7dba\" data-element_type=\"column\" data-e-type=\"column\">\n\t\t\t<div class=\"elementor-widget-wrap elementor-element-populated\">\n\t\t\t\t\t\t<div class=\"elementor-element elementor-element-c400138 elementor-widget elementor-widget-text-editor\" data-id=\"c400138\" data-element_type=\"widget\" data-e-type=\"widget\" data-widget_type=\"text-editor.default\">\n\t\t\t\t<div class=\"elementor-widget-container\">\n\t\t\t\t\t\t\t\t\t<div class=\"mphb_sc_rooms-wrapper mphb-room-types standard \">\n<div class=\"mphb-room-type post-2573 mphb_room_type type-mphb_room_type status-publish has-post-thumbnail mphb_room_type_category-gites-6-7p-es mphb_room_type_facility-1-dormitorio-con-1-cama-doble mphb_room_type_facility-1-dormitorio-con-2-camas-individuales mphb_room_type_facility-1-dormitorio-con-3-camas-individuales mphb_room_type_facility-cocina-totalmente-equipada mphb_room_type_facility-comedor-es mphb_room_type_facility-cuarto-de-ducha-es mphb_room_type_facility-dvd-es mphb_room_type_facility-mini-cadena-de-alta-fidelidad-es mphb_room_type_facility-tv-es mphb_room_type_facility-wc-es mphb_room_type_facility-wifi-es mphb-room-type-adults-6 mphb-room-type-children-0 \">\n\n\t\n\t\n\n\t<p class=\"post-thumbnail mphb-loop-room-thumbnail\">\n\t<a href=\"https:\/\/www.gites-grandpre.com\/es\/accommodation\/la-casa-rural-tarn-6-7-plazas\/\">\n\t<img loading=\"lazy\" decoding=\"async\" width=\"800\" height=\"532\" src=\"https:\/\/www.gites-grandpre.com\/wp-content\/uploads\/2019\/01\/gite-leonie-2.jpg\" class=\"attachment-alpenhouse-medium size-alpenhouse-medium wp-post-image\" alt=\"\" srcset=\"https:\/\/www.gites-grandpre.com\/wp-content\/uploads\/2019\/01\/gite-leonie-2.jpg 800w, https:\/\/www.gites-grandpre.com\/wp-content\/uploads\/2019\/01\/gite-leonie-2-300x200.jpg 300w, https:\/\/www.gites-grandpre.com\/wp-content\/uploads\/2019\/01\/gite-leonie-2-768x511.jpg 768w\" sizes=\"auto, (max-width: 800px) 100vw, 800px\" \/>\t<\/a>\n\n\t<\/p>\n\n<h2 class=\"mphb-room-type-title entry-title\">\n\n<a class=\"mphb-room-type-title\" href=\"https:\/\/www.gites-grandpre.com\/es\/accommodation\/la-casa-rural-tarn-6-7-plazas\/\">La casa rural L\u00e9onie 6\/7 personas<\/a>\n\n<\/h2>\n\n<p>La casa rural L\u00e9onie es&#8230; \u00a1la seducci\u00f3n!<\/p>\n\n\n\n\t<p class=\"mphb-regular-price\"><strong>Precio desde:<\/strong>\n\t<span class=\"mphb-price\"><span class=\"mphb-currency\">&euro;<\/span>300<\/span> <span class=\"mphb-price-period\" title=\"Establezca las fechas para ver los precios adecuados\">por noche<\/span>\n\t<\/p>\n\t\n<p class=\"mphb-view-details-button-wrapper\">\n<a class=\"button mphb-view-details-button\" href=\"https:\/\/www.gites-grandpre.com\/es\/accommodation\/la-casa-rural-tarn-6-7-plazas\/\" >Ver detalles<\/a>\n<\/p>\n\t\n<\/div>\n<\/div>\t\t\t\t\t\t\t\t<\/div>\n\t\t\t\t<\/div>\n\t\t\t\t\t<\/div>\n\t\t<\/div>\n\t\t\t\t<div class=\"elementor-column elementor-col-50 elementor-top-column elementor-element elementor-element-40f26cc\" data-id=\"40f26cc\" data-element_type=\"column\" data-e-type=\"column\">\n\t\t\t<div class=\"elementor-widget-wrap elementor-element-populated\">\n\t\t\t\t\t\t<div class=\"elementor-element elementor-element-df79fb8 elementor-widget elementor-widget-text-editor\" data-id=\"df79fb8\" data-element_type=\"widget\" data-e-type=\"widget\" data-widget_type=\"text-editor.default\">\n\t\t\t\t<div class=\"elementor-widget-container\">\n\t\t\t\t\t\t\t\t\t<div class=\"mphb_sc_rooms-wrapper mphb-room-types standard \">\n<div class=\"mphb-room-type post-2575 mphb_room_type type-mphb_room_type status-publish has-post-thumbnail mphb_room_type_category-chambre-dhotes-es mphb_room_type_facility-1-cama-doble-160x200 mphb_room_type_facility-cocina-totalmente-equipada mphb_room_type_facility-comedor-es mphb_room_type_facility-ducha-italiana mphb_room_type_facility-dvd-es mphb_room_type_facility-espectaculo-es mphb_room_type_facility-mini-cadena-de-alta-fidelidad-es mphb_room_type_facility-tv-es mphb_room_type_facility-wc-es mphb_room_type_facility-wifi-es mphb-room-type-adults-2 mphb-room-type-children-0 \">\n\n\t\n\t\n\n\t<p class=\"post-thumbnail mphb-loop-room-thumbnail\">\n\t<a href=\"https:\/\/www.gites-grandpre.com\/es\/accommodation\/habitacion-de-huespedes\/\">\n\t<img loading=\"lazy\" decoding=\"async\" width=\"800\" height=\"533\" src=\"https:\/\/www.gites-grandpre.com\/wp-content\/uploads\/2019\/01\/gite-isabelle-chambre-dhotes-8.jpg\" class=\"attachment-alpenhouse-medium size-alpenhouse-medium wp-post-image\" alt=\"\" srcset=\"https:\/\/www.gites-grandpre.com\/wp-content\/uploads\/2019\/01\/gite-isabelle-chambre-dhotes-8.jpg 800w, https:\/\/www.gites-grandpre.com\/wp-content\/uploads\/2019\/01\/gite-isabelle-chambre-dhotes-8-300x200.jpg 300w, https:\/\/www.gites-grandpre.com\/wp-content\/uploads\/2019\/01\/gite-isabelle-chambre-dhotes-8-768x512.jpg 768w\" sizes=\"auto, (max-width: 800px) 100vw, 800px\" \/>\t<\/a>\n\n\t<\/p>\n\n<h2 class=\"mphb-room-type-title entry-title\">\n\n<a class=\"mphb-room-type-title\" href=\"https:\/\/www.gites-grandpre.com\/es\/accommodation\/habitacion-de-huespedes\/\">El d\u00faplex Isabel 2 personas<\/a>\n\n<\/h2>\n\n<p>El d\u00faplex Isabel es&#8230; \u00a1el encanto!<\/p>\n\n\n\n\t<p class=\"mphb-regular-price\"><strong>Precio desde:<\/strong>\n\t<span class=\"mphb-price\"><span class=\"mphb-currency\">&euro;<\/span>110<\/span> <span class=\"mphb-price-period\" title=\"Establezca las fechas para ver los precios adecuados\">por noche<\/span>\n\t<\/p>\n\t\n<p class=\"mphb-view-details-button-wrapper\">\n<a class=\"button mphb-view-details-button\" href=\"https:\/\/www.gites-grandpre.com\/es\/accommodation\/habitacion-de-huespedes\/\" >Ver detalles<\/a>\n<\/p>\n\t\n<\/div>\n<\/div>\t\t\t\t\t\t\t\t<\/div>\n\t\t\t\t<\/div>\n\t\t\t\t\t<\/div>\n\t\t<\/div>\n\t\t\t\t\t<\/div>\n\t\t<\/section>\n\t\t\t\t<section class=\"elementor-section elementor-top-section elementor-element elementor-element-cfd457b elementor-section-boxed elementor-section-height-default elementor-section-height-default\" data-id=\"cfd457b\" data-element_type=\"section\" data-e-type=\"section\">\n\t\t\t\t\t\t<div class=\"elementor-container elementor-column-gap-default\">\n\t\t\t\t\t<div class=\"elementor-column elementor-col-50 elementor-top-column elementor-element elementor-element-f044f91\" data-id=\"f044f91\" data-element_type=\"column\" data-e-type=\"column\">\n\t\t\t<div class=\"elementor-widget-wrap elementor-element-populated\">\n\t\t\t\t\t\t<div class=\"elementor-element elementor-element-ec1019e elementor-widget elementor-widget-text-editor\" data-id=\"ec1019e\" data-element_type=\"widget\" data-e-type=\"widget\" data-widget_type=\"text-editor.default\">\n\t\t\t\t<div class=\"elementor-widget-container\">\n\t\t\t\t\t\t\t\t\t<div class=\"mphb_sc_rooms-wrapper mphb-room-types standard \">\n<div class=\"mphb-room-type post-2577 mphb_room_type type-mphb_room_type status-publish has-post-thumbnail mphb_room_type_category-roulotte-es mphb_room_type_facility-1-alcoba-de-cama-doble mphb_room_type_facility-3-camas-individuales-bancos-convertibles mphb_room_type_facility-cocina-totalmente-equipada mphb_room_type_facility-comedor-es mphb_room_type_facility-cuarto-de-ducha-es mphb_room_type_facility-wc-es mphb_room_type_facility-wifi-es mphb-room-type-adults-2 mphb-room-type-children-0 \">\n\n\t\n\t\n\n\t<p class=\"post-thumbnail mphb-loop-room-thumbnail\">\n\t<a href=\"https:\/\/www.gites-grandpre.com\/es\/accommodation\/caravana\/\">\n\t<img loading=\"lazy\" decoding=\"async\" width=\"800\" height=\"533\" src=\"https:\/\/www.gites-grandpre.com\/wp-content\/uploads\/2019\/01\/roulotte-de-roquecor-1.jpg\" class=\"attachment-alpenhouse-medium size-alpenhouse-medium wp-post-image\" alt=\"\" srcset=\"https:\/\/www.gites-grandpre.com\/wp-content\/uploads\/2019\/01\/roulotte-de-roquecor-1.jpg 800w, https:\/\/www.gites-grandpre.com\/wp-content\/uploads\/2019\/01\/roulotte-de-roquecor-1-300x200.jpg 300w, https:\/\/www.gites-grandpre.com\/wp-content\/uploads\/2019\/01\/roulotte-de-roquecor-1-768x512.jpg 768w\" sizes=\"auto, (max-width: 800px) 100vw, 800px\" \/>\t<\/a>\n\n\t<\/p>\n\n<h2 class=\"mphb-room-type-title entry-title\">\n\n<a class=\"mphb-room-type-title\" href=\"https:\/\/www.gites-grandpre.com\/es\/accommodation\/caravana\/\">El carromato 2\/5 personas<\/a>\n\n<\/h2>\n\n<p>El carromato de Roquecor (Lisette)<\/p>\n\n\n\n\t<p class=\"mphb-regular-price\"><strong>Precio desde:<\/strong>\n\t<span class=\"mphb-price\"><span class=\"mphb-currency\">&euro;<\/span>80<\/span> <span class=\"mphb-price-period\" title=\"Establezca las fechas para ver los precios adecuados\">por noche<\/span>\n\t<\/p>\n\t\n<p class=\"mphb-view-details-button-wrapper\">\n<a class=\"button mphb-view-details-button\" href=\"https:\/\/www.gites-grandpre.com\/es\/accommodation\/caravana\/\" >Ver detalles<\/a>\n<\/p>\n\t\n<\/div>\n<\/div>\t\t\t\t\t\t\t\t<\/div>\n\t\t\t\t<\/div>\n\t\t\t\t\t<\/div>\n\t\t<\/div>\n\t\t\t\t<div class=\"elementor-column elementor-col-50 elementor-top-column elementor-element elementor-element-e294b25\" data-id=\"e294b25\" data-element_type=\"column\" data-e-type=\"column\">\n\t\t\t<div class=\"elementor-widget-wrap elementor-element-populated\">\n\t\t\t\t\t\t<div class=\"elementor-element elementor-element-45c98ee elementor-widget elementor-widget-text-editor\" data-id=\"45c98ee\" data-element_type=\"widget\" data-e-type=\"widget\" data-widget_type=\"text-editor.default\">\n\t\t\t\t<div class=\"elementor-widget-container\">\n\t\t\t\t\t\t\t\t\t<div class=\"mphb_sc_rooms-wrapper mphb-room-types standard \">\n<div class=\"mphb-room-type post-2581 mphb_room_type type-mphb_room_type status-publish has-post-thumbnail mphb-room-type-adults-1 mphb-room-type-children-0 \">\n\n\t\n\t\n\n\t<p class=\"post-thumbnail mphb-loop-room-thumbnail\">\n\t<a href=\"https:\/\/www.gites-grandpre.com\/es\/accommodation\/les-gites-grand-pre-groupes-de-8-a-23-p\/\">\n\t<img loading=\"lazy\" decoding=\"async\" width=\"800\" height=\"533\" src=\"https:\/\/www.gites-grandpre.com\/wp-content\/uploads\/2019\/02\/GITES-GRAND-PRE-1TER-1.jpg\" class=\"attachment-alpenhouse-medium size-alpenhouse-medium wp-post-image\" alt=\"\" srcset=\"https:\/\/www.gites-grandpre.com\/wp-content\/uploads\/2019\/02\/GITES-GRAND-PRE-1TER-1.jpg 800w, https:\/\/www.gites-grandpre.com\/wp-content\/uploads\/2019\/02\/GITES-GRAND-PRE-1TER-1-300x200.jpg 300w, https:\/\/www.gites-grandpre.com\/wp-content\/uploads\/2019\/02\/GITES-GRAND-PRE-1TER-1-768x512.jpg 768w\" sizes=\"auto, (max-width: 800px) 100vw, 800px\" \/>\t<\/a>\n\n\t<\/p>\n\n<h2 class=\"mphb-room-type-title entry-title\">\n\n<a class=\"mphb-room-type-title\" href=\"https:\/\/www.gites-grandpre.com\/es\/accommodation\/les-gites-grand-pre-groupes-de-8-a-23-p\/\">Les G\u00eetes Grand Pr\u00e9 ! Groupes de 8 \u00e0 23 p<\/a>\n\n<\/h2>\n\n<p>\u00bfEres un grupo de 8 o m\u00e1s?<\/p>\n\n\n\n<p class=\"mphb-view-details-button-wrapper\">\n<a class=\"button mphb-view-details-button\" href=\"https:\/\/www.gites-grandpre.com\/es\/accommodation\/les-gites-grand-pre-groupes-de-8-a-23-p\/\" >Ver detalles<\/a>\n<\/p>\n\t\n<\/div>\n<\/div>\t\t\t\t\t\t\t\t<\/div>\n\t\t\t\t<\/div>\n\t\t\t\t\t<\/div>\n\t\t<\/div>\n\t\t\t\t\t<\/div>\n\t\t<\/section>\n\t\t\t\t<\/div>\n\t\t","protected":false},"excerpt":{"rendered":"<p>Casas rurales en Midi Pyr\u00e9n\u00e9es (Tarn y Garona 82) Imag\u00ednese en el suroeste de Francia, donde la vida es agradable durante todo el a\u00f1o. Imag\u00ednese en el l\u00edmite entre la comarca Midi Pyr\u00e9n\u00e9es y la comarca Aquitania donde todo es un placer para los ojos y la papilas. Imag\u00ednese en Occitanie, en el Tarn y [&hellip;]<\/p>\n","protected":false},"author":1,"featured_media":0,"parent":0,"menu_order":0,"comment_status":"closed","ping_status":"closed","template":"","meta":{"footnotes":""},"class_list":["post-69","page","type-page","status-publish","hentry"],"yoast_head":"<!-- This site is optimized with the Yoast SEO plugin v28.2 - https:\/\/yoast.com\/product\/yoast-seo-wordpress\/ -->\n<title>Casas rurales en Midi Pyr\u00e9n\u00e9es (Tarn y Garona 82)<\/title>\n<meta name=\"robots\" content=\"index, follow, max-snippet:-1, max-image-preview:large, max-video-preview:-1\" \/>\n<link rel=\"canonical\" href=\"https:\/\/www.gites-grandpre.com\/es\/\" \/>\n<meta property=\"og:locale\" content=\"es_ES\" \/>\n<meta property=\"og:type\" content=\"article\" \/>\n<meta property=\"og:title\" content=\"Casas rurales en Midi Pyr\u00e9n\u00e9es (Tarn y Garona 82)\" \/>\n<meta property=\"og:description\" content=\"Casas rurales en Midi Pyr\u00e9n\u00e9es (Tarn y Garona 82) Imag\u00ednese en el suroeste de Francia, donde la vida es agradable durante todo el a\u00f1o. Imag\u00ednese en el l\u00edmite entre la comarca Midi Pyr\u00e9n\u00e9es y la comarca Aquitania donde todo es un placer para los ojos y la papilas. Imag\u00ednese en Occitanie, en el Tarn y [&hellip;]\" \/>\n<meta property=\"og:url\" content=\"https:\/\/www.gites-grandpre.com\/es\/\" \/>\n<meta property=\"og:site_name\" content=\"G\u00eetes Grand Pr\u00e9 !\" \/>\n<meta property=\"article:publisher\" content=\"https:\/\/www.facebook.com\/gitesgrandpre\" \/>\n<meta property=\"article:modified_time\" content=\"2019-02-27T19:05:17+00:00\" \/>\n<meta name=\"twitter:label1\" content=\"Tiempo de lectura\" \/>\n\t<meta name=\"twitter:data1\" content=\"2 minutos\" \/>\n<script type=\"application\/ld+json\" class=\"yoast-schema-graph\">{\"@context\":\"https:\\\/\\\/schema.org\",\"@graph\":[{\"@type\":\"WebPage\",\"@id\":\"https:\\\/\\\/www.gites-grandpre.com\\\/es\\\/\",\"url\":\"https:\\\/\\\/www.gites-grandpre.com\\\/es\\\/\",\"name\":\"Casas rurales en Midi Pyr\u00e9n\u00e9es (Tarn y Garona 82)\",\"isPartOf\":{\"@id\":\"https:\\\/\\\/www.gites-grandpre.com\\\/#website\"},\"datePublished\":\"2011-11-08T12:52:12+00:00\",\"dateModified\":\"2019-02-27T19:05:17+00:00\",\"inLanguage\":\"es\",\"potentialAction\":[{\"@type\":\"ReadAction\",\"target\":[\"https:\\\/\\\/www.gites-grandpre.com\\\/es\\\/\"]}]},{\"@type\":\"WebSite\",\"@id\":\"https:\\\/\\\/www.gites-grandpre.com\\\/#website\",\"url\":\"https:\\\/\\\/www.gites-grandpre.com\\\/\",\"name\":\"G\u00eetes Grand Pr\u00e9 !\",\"description\":\"&amp; la Roulotte de Roquecor\",\"publisher\":{\"@id\":\"https:\\\/\\\/www.gites-grandpre.com\\\/#organization\"},\"potentialAction\":[{\"@type\":\"SearchAction\",\"target\":{\"@type\":\"EntryPoint\",\"urlTemplate\":\"https:\\\/\\\/www.gites-grandpre.com\\\/?s={search_term_string}\"},\"query-input\":{\"@type\":\"PropertyValueSpecification\",\"valueRequired\":true,\"valueName\":\"search_term_string\"}}],\"inLanguage\":\"es\"},{\"@type\":\"Organization\",\"@id\":\"https:\\\/\\\/www.gites-grandpre.com\\\/#organization\",\"name\":\"G\u00eetes Grand Pr\u00e9 !\",\"url\":\"https:\\\/\\\/www.gites-grandpre.com\\\/\",\"logo\":{\"@type\":\"ImageObject\",\"inLanguage\":\"es\",\"@id\":\"https:\\\/\\\/www.gites-grandpre.com\\\/#\\\/schema\\\/logo\\\/image\\\/\",\"url\":\"https:\\\/\\\/www.gites-grandpre.com\\\/wp-content\\\/uploads\\\/2019\\\/02\\\/cropped-gites-grand-pre-roulotte-roquecor-logo-1.jpg\",\"contentUrl\":\"https:\\\/\\\/www.gites-grandpre.com\\\/wp-content\\\/uploads\\\/2019\\\/02\\\/cropped-gites-grand-pre-roulotte-roquecor-logo-1.jpg\",\"width\":282,\"height\":55,\"caption\":\"G\u00eetes Grand Pr\u00e9 !\"},\"image\":{\"@id\":\"https:\\\/\\\/www.gites-grandpre.com\\\/#\\\/schema\\\/logo\\\/image\\\/\"},\"sameAs\":[\"https:\\\/\\\/www.facebook.com\\\/gitesgrandpre\"]}]}<\/script>\n<!-- \/ Yoast SEO plugin. -->","yoast_head_json":{"title":"Casas rurales en Midi Pyr\u00e9n\u00e9es (Tarn y Garona 82)","robots":{"index":"index","follow":"follow","max-snippet":"max-snippet:-1","max-image-preview":"max-image-preview:large","max-video-preview":"max-video-preview:-1"},"canonical":"https:\/\/www.gites-grandpre.com\/es\/","og_locale":"es_ES","og_type":"article","og_title":"Casas rurales en Midi Pyr\u00e9n\u00e9es (Tarn y Garona 82)","og_description":"Casas rurales en Midi Pyr\u00e9n\u00e9es (Tarn y Garona 82) Imag\u00ednese en el suroeste de Francia, donde la vida es agradable durante todo el a\u00f1o. Imag\u00ednese en el l\u00edmite entre la comarca Midi Pyr\u00e9n\u00e9es y la comarca Aquitania donde todo es un placer para los ojos y la papilas. Imag\u00ednese en Occitanie, en el Tarn y [&hellip;]","og_url":"https:\/\/www.gites-grandpre.com\/es\/","og_site_name":"G\u00eetes Grand Pr\u00e9 !","article_publisher":"https:\/\/www.facebook.com\/gitesgrandpre","article_modified_time":"2019-02-27T19:05:17+00:00","twitter_misc":{"Tiempo de lectura":"2 minutos"},"schema":{"@context":"https:\/\/schema.org","@graph":[{"@type":"WebPage","@id":"https:\/\/www.gites-grandpre.com\/es\/","url":"https:\/\/www.gites-grandpre.com\/es\/","name":"Casas rurales en Midi Pyr\u00e9n\u00e9es (Tarn y Garona 82)","isPartOf":{"@id":"https:\/\/www.gites-grandpre.com\/#website"},"datePublished":"2011-11-08T12:52:12+00:00","dateModified":"2019-02-27T19:05:17+00:00","inLanguage":"es","potentialAction":[{"@type":"ReadAction","target":["https:\/\/www.gites-grandpre.com\/es\/"]}]},{"@type":"WebSite","@id":"https:\/\/www.gites-grandpre.com\/#website","url":"https:\/\/www.gites-grandpre.com\/","name":"G\u00eetes Grand Pr\u00e9 !","description":"&amp; la Roulotte de Roquecor","publisher":{"@id":"https:\/\/www.gites-grandpre.com\/#organization"},"potentialAction":[{"@type":"SearchAction","target":{"@type":"EntryPoint","urlTemplate":"https:\/\/www.gites-grandpre.com\/?s={search_term_string}"},"query-input":{"@type":"PropertyValueSpecification","valueRequired":true,"valueName":"search_term_string"}}],"inLanguage":"es"},{"@type":"Organization","@id":"https:\/\/www.gites-grandpre.com\/#organization","name":"G\u00eetes Grand Pr\u00e9 !","url":"https:\/\/www.gites-grandpre.com\/","logo":{"@type":"ImageObject","inLanguage":"es","@id":"https:\/\/www.gites-grandpre.com\/#\/schema\/logo\/image\/","url":"https:\/\/www.gites-grandpre.com\/wp-content\/uploads\/2019\/02\/cropped-gites-grand-pre-roulotte-roquecor-logo-1.jpg","contentUrl":"https:\/\/www.gites-grandpre.com\/wp-content\/uploads\/2019\/02\/cropped-gites-grand-pre-roulotte-roquecor-logo-1.jpg","width":282,"height":55,"caption":"G\u00eetes Grand Pr\u00e9 !"},"image":{"@id":"https:\/\/www.gites-grandpre.com\/#\/schema\/logo\/image\/"},"sameAs":["https:\/\/www.facebook.com\/gitesgrandpre"]}]}},"_links":{"self":[{"href":"https:\/\/www.gites-grandpre.com\/es\/wp-json\/wp\/v2\/pages\/69","targetHints":{"allow":["GET"]}}],"collection":[{"href":"https:\/\/www.gites-grandpre.com\/es\/wp-json\/wp\/v2\/pages"}],"about":[{"href":"https:\/\/www.gites-grandpre.com\/es\/wp-json\/wp\/v2\/types\/page"}],"author":[{"embeddable":true,"href":"https:\/\/www.gites-grandpre.com\/es\/wp-json\/wp\/v2\/users\/1"}],"replies":[{"embeddable":true,"href":"https:\/\/www.gites-grandpre.com\/es\/wp-json\/wp\/v2\/comments?post=69"}],"version-history":[{"count":27,"href":"https:\/\/www.gites-grandpre.com\/es\/wp-json\/wp\/v2\/pages\/69\/revisions"}],"predecessor-version":[{"id":2721,"href":"https:\/\/www.gites-grandpre.com\/es\/wp-json\/wp\/v2\/pages\/69\/revisions\/2721"}],"wp:attachment":[{"href":"https:\/\/www.gites-grandpre.com\/es\/wp-json\/wp\/v2\/media?parent=69"}],"curies":[{"name":"wp","href":"https:\/\/api.w.org\/{rel}","templated":true}]}}